{"id":4702,"date":"2019-11-17T12:33:40","date_gmt":"2019-11-17T11:33:40","guid":{"rendered":"http:\/\/www.zs.gromnik.pl\/zs\/?page_id=4702"},"modified":"2019-11-17T12:33:41","modified_gmt":"2019-11-17T11:33:41","slug":"ponadnarodowa-mobilnosc-uczniow","status":"publish","type":"page","link":"https:\/\/zs.gromnik.pl\/zs\/ponadnarodowa-mobilnosc-uczniow\/","title":{"rendered":"Ponadnarodowa mobilno\u015b\u0107 uczni\u00f3w."},"content":{"rendered":"\n<div class=\"wp-block-image\"><figure class=\"aligncenter\"><img loading=\"lazy\" width=\"1024\" height=\"132\" src=\"http:\/\/www.zs.gromnik.pl\/zs\/wp-content\/uploads\/2019\/11\/FE_POWER_poziom_pl-1_rgb-1024x132.jpg\" alt=\"\" class=\"wp-image-4704\" srcset=\"https:\/\/zs.gromnik.pl\/zs\/wp-content\/uploads\/2019\/11\/FE_POWER_poziom_pl-1_rgb-1024x132.jpg 1024w, https:\/\/zs.gromnik.pl\/zs\/wp-content\/uploads\/2019\/11\/FE_POWER_poziom_pl-1_rgb-300x39.jpg 300w, https:\/\/zs.gromnik.pl\/zs\/wp-content\/uploads\/2019\/11\/FE_POWER_poziom_pl-1_rgb-768x99.jpg 768w, https:\/\/zs.gromnik.pl\/zs\/wp-content\/uploads\/2019\/11\/FE_POWER_poziom_pl-1_rgb-820x105.jpg 820w\" sizes=\"(max-width: 1024px) 100vw, 1024px\" \/><\/figure><\/div>\n\n\n\n<figure class=\"wp-block-image is-resized\"><img loading=\"lazy\" src=\"http:\/\/www.zs.gromnik.pl\/zs\/wp-content\/uploads\/2019\/11\/akapit.jpg\" alt=\"\" class=\"wp-image-4707\" width=\"339\" height=\"22\"\/><\/figure>\n\n\n\n<p style=\"text-align:center\"><strong>&#8222;Powiedz mi, a zapomn\u0119. Poka\u017c mi, a zapami\u0119tam. Pozw\u00f3l mi zrobi\u0107, a zrozumiem&#8221;<\/strong><\/p>\n\n\n\n<figure class=\"wp-block-image\"><img src=\"http:\/\/www.zs.gromnik.pl\/zs\/wp-content\/uploads\/2019\/11\/akapit-e1573988592142.jpg\" alt=\"\" class=\"wp-image-4707\"\/><\/figure>\n\n\n\n<p>Zesp\u00f3\u0142 Szk\u00f3\u0142 w Gromniku realizuje projekt dofinansowany z Funduszy Europejskich. Bazuje on na Europejskim Planie Rozwoju Szko\u0142y i jest zgodny z jego celami.<\/p>\n\n\n\n<figure class=\"wp-block-image\"><img loading=\"lazy\" width=\"308\" height=\"20\" src=\"http:\/\/www.zs.gromnik.pl\/zs\/wp-content\/uploads\/2019\/11\/akapit-e1573988941134.jpg\" alt=\"\" class=\"wp-image-4707\"\/><\/figure>\n\n\n\n<p><strong>\u00a0Do jego g\u0142\u00f3wnych za\u0142o\u017ce\u0144 koncepcyjnych nale\u017c\u0105:<\/strong><\/p>\n\n\n\n<ul><li>wzmocnienie europejskiego wymiaru plac\u00f3wki,<\/li><li>rozw\u00f3j mi\u0119dzynarodowej wsp\u00f3\u0142pracy uczni\u00f3w.<\/li><\/ul>\n\n\n\n<figure class=\"wp-block-image\"><img loading=\"lazy\" width=\"308\" height=\"20\" src=\"http:\/\/www.zs.gromnik.pl\/zs\/wp-content\/uploads\/2019\/11\/akapit-e1573988941134.jpg\" alt=\"\" class=\"wp-image-4707\"\/><\/figure>\n\n\n\n<p>W obszarach tych wyznaczone zosta\u0142y cele szczeg\u00f3\u0142owe w odniesieniu do uczni\u00f3w, kt\u00f3rzy poprzez udzia\u0142 w mobilno\u015bci ch\u0119tniej b\u0119d\u0105 si\u0119 uczy\u0107. Wzro\u015bnie tak\u017ce liczba dzieci zaanga\u017cowanych w projekty edukacyjne na platformie eTwinning. M\u0142odzie\u017c rozwinie kompetencje cyfrowe, j\u0119zykowe oraz obywatelskie i spo\u0142eczne. Nab\u0119dzie tak\u017ce wiedz\u0119 z zakresu geografii, historii, kultury, sztuki i polityki innych kraj\u00f3w UE. <\/p>\n\n\n\n<figure class=\"wp-block-image\"><img loading=\"lazy\" width=\"308\" height=\"20\" src=\"http:\/\/www.zs.gromnik.pl\/zs\/wp-content\/uploads\/2019\/11\/akapit-e1573988941134.jpg\" alt=\"\" class=\"wp-image-4707\"\/><\/figure>\n\n\n\n<p>Dzia\u0142ania projektowe przyczyni\u0105 si\u0119 r\u00f3wnie\u017c do poszerzenia horyzont\u00f3w i \u015bwiatopogl\u0105du uczni\u00f3w, uczenia si\u0119 tolerancji, otwarto\u015bci wobec innych kultur i narod\u00f3w a tak\u017ce wymiany do\u015bwiadcze\u0144 z r\u00f3wie\u015bnikami z Europy. Wa\u017cnym aspektem b\u0119dzie r\u00f3wnie\u017c to, \u017ce uczestnicy projektu zwr\u00f3c\u0105 wi\u0119ksz\u0105 uwag\u0119 na szanse, jakie daje mobilno\u015b\u0107 edukacyjna i dostrzeg\u0105 mo\u017cliwo\u015bci jakie daje bycie operatywnym na europejskim rynku edukacji i pracy. <\/p>\n\n\n\n<figure class=\"wp-block-image\"><img loading=\"lazy\" width=\"308\" height=\"20\" src=\"http:\/\/www.zs.gromnik.pl\/zs\/wp-content\/uploads\/2019\/11\/akapit-e1573988941134.jpg\" alt=\"\" class=\"wp-image-4707\"\/><\/figure>\n\n\n\n<p>Projekt jest interdyscyplinarny i wpisuje si\u0119 w podstaw\u0119 programow\u0105 wielu przedmiot\u00f3w szkolnych. Uczniowie rozwin\u0105 umiej\u0119tno\u015bci w zakresie STEM. <strong>G\u0142\u00f3wnym tematem dzia\u0142a\u0144 projektowych s\u0105 globalne skutki zanieczyszczenia \u015brodowiska<\/strong>. Poruszone zosta\u0142y problemy przyrody wynikaj\u0105ce z dzia\u0142alno\u015bci cz\u0142owieka. Uwaga uczni\u00f3w zosta\u0142a skupiona na zanieczyszczeniach powietrza, w\u00f3d i gleby. Udzia\u0142 w projekcie umo\u017cliwi dziesi\u0119cioosobowej grupie uczni\u00f3w nawi\u0105zanie kontakt\u00f3w z r\u00f3wie\u015bnikami z Portugalii, poznanie si\u0119 i realizacj\u0119 wsp\u00f3lnych cel\u00f3w.<\/p>\n\n\n\n<figure class=\"wp-block-image\"><img loading=\"lazy\" width=\"308\" height=\"20\" src=\"http:\/\/www.zs.gromnik.pl\/zs\/wp-content\/uploads\/2019\/11\/akapit-e1573988941134.jpg\" alt=\"\" class=\"wp-image-4707\"\/><\/figure>\n\n\n\n<figure class=\"wp-block-image\"><img loading=\"lazy\" width=\"40\" height=\"40\" src=\"http:\/\/www.zs.gromnik.pl\/zs\/wp-content\/uploads\/2019\/11\/United-Kingdom-flag-icon-e1573989896354.png\" alt=\"\" class=\"wp-image-4715\"\/><\/figure>\n\n\n\n<p>The project of the School Complex in Gromnik entitled <strong>\u201dTell me and I will forget. Show me and I will remember. Let me do and I will understand\u201d<\/strong>, harmonizes with the educational policy of the European Union in the area of establishing contacts between countries. The project will allow the school to continue and develop the mission of openness to Europe, the acceptance of cultural diversity and the pursuit of common values. The policy of our institution assumes strengthening its European dimension on various levels. Achieving this dimension requires developing students\u2019 strengths and working to improve weaker areas. <\/p>\n\n\n\n<figure class=\"wp-block-image\"><img loading=\"lazy\" width=\"308\" height=\"20\" src=\"http:\/\/www.zs.gromnik.pl\/zs\/wp-content\/uploads\/2019\/11\/akapit-e1573988941134.jpg\" alt=\"\" class=\"wp-image-4707\"\/><\/figure>\n\n\n\n<p>The latter\ninclude: language and digital skills, knowledge of other cultures, initiative\nand entrepreneurship.<\/p>\n\n\n\n<p>Our project is based on the European School Development Plan and is consistent with its objectives. Its main conceptual assumptions are: strengthening the European dimension and developing international student cooperation. <\/p>\n\n\n\n<figure class=\"wp-block-image\"><img loading=\"lazy\" width=\"308\" height=\"20\" src=\"http:\/\/www.zs.gromnik.pl\/zs\/wp-content\/uploads\/2019\/11\/akapit-e1573988941134.jpg\" alt=\"\" class=\"wp-image-4707\"\/><\/figure>\n\n\n\n<p>In these areas, we set specific goals for students who are more likely to learn through participation in mobility. The number of children involved in educational projects on the eTwinning platform will also grow. Young people will develop digital, language, civic and social competences. They will also acquire knowledge in the field of geography, history, culture, art and politics of other EU countries.<\/p>\n\n\n\n<figure class=\"wp-block-image\"><img loading=\"lazy\" width=\"308\" height=\"20\" src=\"http:\/\/www.zs.gromnik.pl\/zs\/wp-content\/uploads\/2019\/11\/akapit-e1573988941134.jpg\" alt=\"\" class=\"wp-image-4707\"\/><\/figure>\n\n\n\n<p>Project activities will also contribute to broadening the horizons and worldview of students, learning tolerance, openness to other cultures and nations, as well as exchanging experiences with peers from Europe. The participants of the project will pay more attention to the opportunities offered by educational mobility and will see the opportunities offered by being operational on the European education and labor market. <\/p>\n\n\n\n<figure class=\"wp-block-image\"><img loading=\"lazy\" width=\"308\" height=\"20\" src=\"http:\/\/www.zs.gromnik.pl\/zs\/wp-content\/uploads\/2019\/11\/akapit-e1573988941134.jpg\" alt=\"\" class=\"wp-image-4707\"\/><\/figure>\n\n\n\n<p>The project is interdisciplinary and forms part of the core curriculum of many school subjects. The students will develop skills not only in the field of STEM. The main theme will be \u201d<strong>Global effects of environmental pollution<\/strong>\u201d. The students\u2019 attention will be focused on air, water and soil pollution. They will try to compare the condition of the natural environment in Poland and Portugal and assess the people\u2019s approach to this topic. What is more, the participation in the project will enable a group of 10 students to establish contacts with their peers from Portugal, get to know each other and achieve common goals.<\/p>\n\n\n\n<div class=\"wp-block-image\"><figure class=\"aligncenter\"><img loading=\"lazy\" width=\"1024\" height=\"132\" src=\"http:\/\/www.zs.gromnik.pl\/zs\/wp-content\/uploads\/2019\/11\/FE_POWER_poziom_pl-1_rgb-1024x132.jpg\" alt=\"\" class=\"wp-image-4704\" srcset=\"https:\/\/zs.gromnik.pl\/zs\/wp-content\/uploads\/2019\/11\/FE_POWER_poziom_pl-1_rgb-1024x132.jpg 1024w, https:\/\/zs.gromnik.pl\/zs\/wp-content\/uploads\/2019\/11\/FE_POWER_poziom_pl-1_rgb-300x39.jpg 300w, https:\/\/zs.gromnik.pl\/zs\/wp-content\/uploads\/2019\/11\/FE_POWER_poziom_pl-1_rgb-768x99.jpg 768w, https:\/\/zs.gromnik.pl\/zs\/wp-content\/uploads\/2019\/11\/FE_POWER_poziom_pl-1_rgb-820x105.jpg 820w\" sizes=\"(max-width: 1024px) 100vw, 1024px\" \/><\/figure><\/div>\n","protected":false},"excerpt":{"rendered":"<p>&#8222;Powiedz mi, a zapomn\u0119. Poka\u017c mi, a zapami\u0119tam. Pozw\u00f3l mi zrobi\u0107, a zrozumiem&#8221; Zesp\u00f3\u0142 Szk\u00f3\u0142 w Gromniku realizuje projekt dofinansowany z Funduszy Europejskich. Bazuje on na Europejskim Planie Rozwoju Szko\u0142y i jest zgodny z jego celami. \u00a0Do jego g\u0142\u00f3wnych za\u0142o\u017ce\u0144 koncepcyjnych nale\u017c\u0105: wzmocnienie europejskiego wymiaru plac\u00f3wki, rozw\u00f3j mi\u0119dzynarodowej wsp\u00f3\u0142pracy uczni\u00f3w. W obszarach tych wyznaczone zosta\u0142y cele szczeg\u00f3\u0142owe w odniesieniu do uczni\u00f3w, kt\u00f3rzy poprzez udzia\u0142 w mobilno\u015bci ch\u0119tniej b\u0119d\u0105 si\u0119 uczy\u0107. Wzro\u015bnie tak\u017ce liczba dzieci zaanga\u017cowanych w projekty edukacyjne na platformie eTwinning. M\u0142odzie\u017c rozwinie kompetencje cyfrowe, j\u0119zykowe oraz obywatelskie i spo\u0142eczne. Nab\u0119dzie tak\u017ce wiedz\u0119 z zakresu geografii, historii, kultury, sztuki i polityki innych kraj\u00f3w UE. Dzia\u0142ania projektowe przyczyni\u0105 si\u0119 r\u00f3wnie\u017c do poszerzenia horyzont\u00f3w i \u015bwiatopogl\u0105du uczni\u00f3w, uczenia si\u0119 tolerancji, otwarto\u015bci wobec innych kultur i narod\u00f3w a tak\u017ce wymiany do\u015bwiadcze\u0144 z r\u00f3wie\u015bnikami z Europy. Wa\u017cnym aspektem b\u0119dzie r\u00f3wnie\u017c to, \u017ce uczestnicy projektu zwr\u00f3c\u0105 wi\u0119ksz\u0105 uwag\u0119 na szanse, jakie daje mobilno\u015b\u0107 edukacyjna i dostrzeg\u0105 mo\u017cliwo\u015bci jakie daje bycie operatywnym na europejskim rynku edukacji i pracy. Projekt jest interdyscyplinarny i wpisuje si\u0119 w podstaw\u0119 programow\u0105 wielu przedmiot\u00f3w szkolnych. Uczniowie rozwin\u0105 umiej\u0119tno\u015bci w zakresie STEM. G\u0142\u00f3wnym tematem dzia\u0142a\u0144 projektowych s\u0105 globalne skutki zanieczyszczenia \u015brodowiska. Poruszone zosta\u0142y problemy przyrody wynikaj\u0105ce z dzia\u0142alno\u015bci cz\u0142owieka. Uwaga uczni\u00f3w zosta\u0142a skupiona na zanieczyszczeniach powietrza, w\u00f3d i gleby. Udzia\u0142 w projekcie umo\u017cliwi dziesi\u0119cioosobowej grupie uczni\u00f3w nawi\u0105zanie kontakt\u00f3w z r\u00f3wie\u015bnikami z Portugalii, poznanie si\u0119 i realizacj\u0119 wsp\u00f3lnych cel\u00f3w. The project of the School Complex in Gromnik entitled \u201dTell me and I will forget. Show me and I will remember. Let me do and I will understand\u201d, harmonizes with the educational policy of the European Union in the area of establishing contacts between countries. The project will allow the school to continue and develop the mission of openness to Europe, the acceptance of cultural diversity and the pursuit of common values. The policy of our institution assumes strengthening its European dimension on various levels. Achieving this dimension requires developing students\u2019 strengths and working to improve weaker areas. The latter include: language and digital skills, knowledge of other cultures, initiative and entrepreneurship. Our project is based on the European School Development Plan and is consistent with its objectives. Its main conceptual assumptions are: strengthening the European dimension and developing international student cooperation. In these areas, we set specific goals for students who are more likely to learn through participation in mobility. The number of children involved in educational projects on the eTwinning platform will also grow. Young people will develop digital, language, civic and social competences. They will also acquire knowledge in the field of geography, history, culture, art and politics of other EU countries. Project activities will also contribute to broadening the horizons and worldview of students, learning tolerance, openness to other cultures and nations, as well as exchanging experiences with peers from Europe. The participants of the project will pay more attention to the opportunities offered by educational mobility and will see the opportunities offered by being operational on the European education and labor market. The project is interdisciplinary and forms part of the core curriculum of many school subjects. The students will develop skills not only in the field of STEM. The main theme will be \u201dGlobal effects of environmental pollution\u201d. The students\u2019 attention will be focused on air, water and soil pollution. They will try to compare the condition of the natural environment in Poland and Portugal and assess the people\u2019s approach to this topic. What is more, the participation in the project will enable a group of 10 students to establish contacts with their peers from Portugal, get to know each other and achieve common goals.<\/p>\n","protected":false},"author":6,"featured_media":0,"parent":0,"menu_order":0,"comment_status":"closed","ping_status":"closed","template":"","meta":[],"yoast_head":"<!-- This site is optimized with the Yoast SEO plugin v19.8 - https:\/\/yoast.com\/wordpress\/plugins\/seo\/ -->\n<title>Ponadnarodowa mobilno\u015b\u0107 uczni\u00f3w. - Zesp\u00f3\u0142 Szk\u00f3\u0142 w Gromniku<\/title>\n<meta name=\"description\" content=\"Zesp\u00f3\u0142 Szk\u00f3\u0142 Gromnik, szko\u0142a gromnik, szko\u0142a podstawowa gromnik, przedszkole gromnik\" \/>\n<meta name=\"robots\" content=\"index, follow, max-snippet:-1, max-image-preview:large, max-video-preview:-1\" \/>\n<link rel=\"canonical\" href=\"https:\/\/zs.gromnik.pl\/zs\/ponadnarodowa-mobilnosc-uczniow\/\" \/>\n<meta property=\"og:locale\" content=\"pl_PL\" \/>\n<meta property=\"og:type\" content=\"article\" \/>\n<meta property=\"og:title\" content=\"Ponadnarodowa mobilno\u015b\u0107 uczni\u00f3w. - Zesp\u00f3\u0142 Szk\u00f3\u0142 w Gromniku\" \/>\n<meta property=\"og:description\" content=\"Zesp\u00f3\u0142 Szk\u00f3\u0142 Gromnik, szko\u0142a gromnik, szko\u0142a podstawowa gromnik, przedszkole gromnik\" \/>\n<meta property=\"og:url\" content=\"https:\/\/zs.gromnik.pl\/zs\/ponadnarodowa-mobilnosc-uczniow\/\" \/>\n<meta property=\"og:site_name\" content=\"Zesp\u00f3\u0142 Szk\u00f3\u0142 w Gromniku\" \/>\n<meta property=\"article:publisher\" content=\"https:\/\/www.facebook.com\/zsgromnik\" \/>\n<meta property=\"article:modified_time\" content=\"2019-11-17T11:33:41+00:00\" \/>\n<meta property=\"og:image\" content=\"http:\/\/www.zs.gromnik.pl\/zs\/wp-content\/uploads\/2019\/11\/FE_POWER_poziom_pl-1_rgb-1024x132.jpg\" \/>\n<meta name=\"twitter:card\" content=\"summary_large_image\" \/>\n<meta name=\"twitter:label1\" content=\"Szacowany czas czytania\" \/>\n\t<meta name=\"twitter:data1\" content=\"3 minuty\" \/>\n<script type=\"application\/ld+json\" class=\"yoast-schema-graph\">{\"@context\":\"https:\/\/schema.org\",\"@graph\":[{\"@type\":\"WebPage\",\"@id\":\"https:\/\/zs.gromnik.pl\/zs\/ponadnarodowa-mobilnosc-uczniow\/\",\"url\":\"https:\/\/zs.gromnik.pl\/zs\/ponadnarodowa-mobilnosc-uczniow\/\",\"name\":\"Ponadnarodowa mobilno\u015b\u0107 uczni\u00f3w. - Zesp\u00f3\u0142 Szk\u00f3\u0142 w Gromniku\",\"isPartOf\":{\"@id\":\"https:\/\/zs.gromnik.pl\/zs\/#website\"},\"datePublished\":\"2019-11-17T11:33:40+00:00\",\"dateModified\":\"2019-11-17T11:33:41+00:00\",\"description\":\"Zesp\u00f3\u0142 Szk\u00f3\u0142 Gromnik, szko\u0142a gromnik, szko\u0142a podstawowa gromnik, przedszkole gromnik\",\"breadcrumb\":{\"@id\":\"https:\/\/zs.gromnik.pl\/zs\/ponadnarodowa-mobilnosc-uczniow\/#breadcrumb\"},\"inLanguage\":\"pl-PL\",\"potentialAction\":[{\"@type\":\"ReadAction\",\"target\":[\"https:\/\/zs.gromnik.pl\/zs\/ponadnarodowa-mobilnosc-uczniow\/\"]}]},{\"@type\":\"BreadcrumbList\",\"@id\":\"https:\/\/zs.gromnik.pl\/zs\/ponadnarodowa-mobilnosc-uczniow\/#breadcrumb\",\"itemListElement\":[{\"@type\":\"ListItem\",\"position\":1,\"name\":\"Strona g\u0142\u00f3wna\",\"item\":\"https:\/\/zs.gromnik.pl\/zs\/\"},{\"@type\":\"ListItem\",\"position\":2,\"name\":\"Ponadnarodowa mobilno\u015b\u0107 uczni\u00f3w.\"}]},{\"@type\":\"WebSite\",\"@id\":\"https:\/\/zs.gromnik.pl\/zs\/#website\",\"url\":\"https:\/\/zs.gromnik.pl\/zs\/\",\"name\":\"Zesp\u00f3\u0142 Szk\u00f3\u0142 w Gromniku\",\"description\":\"\",\"potentialAction\":[{\"@type\":\"SearchAction\",\"target\":{\"@type\":\"EntryPoint\",\"urlTemplate\":\"https:\/\/zs.gromnik.pl\/zs\/?s={search_term_string}\"},\"query-input\":\"required name=search_term_string\"}],\"inLanguage\":\"pl-PL\"}]}<\/script>\n<!-- \/ Yoast SEO plugin. -->","yoast_head_json":{"title":"Ponadnarodowa mobilno\u015b\u0107 uczni\u00f3w. - Zesp\u00f3\u0142 Szk\u00f3\u0142 w Gromniku","description":"Zesp\u00f3\u0142 Szk\u00f3\u0142 Gromnik, szko\u0142a gromnik, szko\u0142a podstawowa gromnik, przedszkole gromnik","robots":{"index":"index","follow":"follow","max-snippet":"max-snippet:-1","max-image-preview":"max-image-preview:large","max-video-preview":"max-video-preview:-1"},"canonical":"https:\/\/zs.gromnik.pl\/zs\/ponadnarodowa-mobilnosc-uczniow\/","og_locale":"pl_PL","og_type":"article","og_title":"Ponadnarodowa mobilno\u015b\u0107 uczni\u00f3w. - Zesp\u00f3\u0142 Szk\u00f3\u0142 w Gromniku","og_description":"Zesp\u00f3\u0142 Szk\u00f3\u0142 Gromnik, szko\u0142a gromnik, szko\u0142a podstawowa gromnik, przedszkole gromnik","og_url":"https:\/\/zs.gromnik.pl\/zs\/ponadnarodowa-mobilnosc-uczniow\/","og_site_name":"Zesp\u00f3\u0142 Szk\u00f3\u0142 w Gromniku","article_publisher":"https:\/\/www.facebook.com\/zsgromnik","article_modified_time":"2019-11-17T11:33:41+00:00","og_image":[{"url":"http:\/\/www.zs.gromnik.pl\/zs\/wp-content\/uploads\/2019\/11\/FE_POWER_poziom_pl-1_rgb-1024x132.jpg"}],"twitter_card":"summary_large_image","twitter_misc":{"Szacowany czas czytania":"3 minuty"},"schema":{"@context":"https:\/\/schema.org","@graph":[{"@type":"WebPage","@id":"https:\/\/zs.gromnik.pl\/zs\/ponadnarodowa-mobilnosc-uczniow\/","url":"https:\/\/zs.gromnik.pl\/zs\/ponadnarodowa-mobilnosc-uczniow\/","name":"Ponadnarodowa mobilno\u015b\u0107 uczni\u00f3w. - Zesp\u00f3\u0142 Szk\u00f3\u0142 w Gromniku","isPartOf":{"@id":"https:\/\/zs.gromnik.pl\/zs\/#website"},"datePublished":"2019-11-17T11:33:40+00:00","dateModified":"2019-11-17T11:33:41+00:00","description":"Zesp\u00f3\u0142 Szk\u00f3\u0142 Gromnik, szko\u0142a gromnik, szko\u0142a podstawowa gromnik, przedszkole gromnik","breadcrumb":{"@id":"https:\/\/zs.gromnik.pl\/zs\/ponadnarodowa-mobilnosc-uczniow\/#breadcrumb"},"inLanguage":"pl-PL","potentialAction":[{"@type":"ReadAction","target":["https:\/\/zs.gromnik.pl\/zs\/ponadnarodowa-mobilnosc-uczniow\/"]}]},{"@type":"BreadcrumbList","@id":"https:\/\/zs.gromnik.pl\/zs\/ponadnarodowa-mobilnosc-uczniow\/#breadcrumb","itemListElement":[{"@type":"ListItem","position":1,"name":"Strona g\u0142\u00f3wna","item":"https:\/\/zs.gromnik.pl\/zs\/"},{"@type":"ListItem","position":2,"name":"Ponadnarodowa mobilno\u015b\u0107 uczni\u00f3w."}]},{"@type":"WebSite","@id":"https:\/\/zs.gromnik.pl\/zs\/#website","url":"https:\/\/zs.gromnik.pl\/zs\/","name":"Zesp\u00f3\u0142 Szk\u00f3\u0142 w Gromniku","description":"","potentialAction":[{"@type":"SearchAction","target":{"@type":"EntryPoint","urlTemplate":"https:\/\/zs.gromnik.pl\/zs\/?s={search_term_string}"},"query-input":"required name=search_term_string"}],"inLanguage":"pl-PL"}]}},"_links":{"self":[{"href":"https:\/\/zs.gromnik.pl\/zs\/wp-json\/wp\/v2\/pages\/4702"}],"collection":[{"href":"https:\/\/zs.gromnik.pl\/zs\/wp-json\/wp\/v2\/pages"}],"about":[{"href":"https:\/\/zs.gromnik.pl\/zs\/wp-json\/wp\/v2\/types\/page"}],"author":[{"embeddable":true,"href":"https:\/\/zs.gromnik.pl\/zs\/wp-json\/wp\/v2\/users\/6"}],"replies":[{"embeddable":true,"href":"https:\/\/zs.gromnik.pl\/zs\/wp-json\/wp\/v2\/comments?post=4702"}],"version-history":[{"count":12,"href":"https:\/\/zs.gromnik.pl\/zs\/wp-json\/wp\/v2\/pages\/4702\/revisions"}],"predecessor-version":[{"id":4718,"href":"https:\/\/zs.gromnik.pl\/zs\/wp-json\/wp\/v2\/pages\/4702\/revisions\/4718"}],"wp:attachment":[{"href":"https:\/\/zs.gromnik.pl\/zs\/wp-json\/wp\/v2\/media?parent=4702"}],"curies":[{"name":"wp","href":"https:\/\/api.w.org\/{rel}","templated":true}]}}